{"id":38544,"date":"2024-08-06T17:02:27","date_gmt":"2024-08-06T15:02:27","guid":{"rendered":"https:\/\/groupe-grim.com\/bmw\/?page_id=38544"},"modified":"2026-02-17T13:05:38","modified_gmt":"2026-02-17T11:05:38","slug":"concession-bmw-valence","status":"publish","type":"page","link":"https:\/\/groupe-grim.com\/bmw\/concession-bmw-valence\/","title":{"rendered":"Votre concession BMW Valence"},"content":{"rendered":"<p>[et_pb_section fb_built=\u00a0\u00bb1&Prime; _builder_version=\u00a0\u00bb4.25.0&Prime; _module_preset=\u00a0\u00bbdefault\u00a0\u00bb global_colors_info=\u00a0\u00bb{}\u00a0\u00bb][et_pb_row _builder_version=\u00a0\u00bb4.24.3&Prime; _module_preset=\u00a0\u00bbdefault\u00a0\u00bb custom_padding=\u00a0\u00bb||2px|||\u00a0\u00bb global_colors_info=\u00a0\u00bb{}\u00a0\u00bb][et_pb_column type=\u00a0\u00bb4_4&Prime; _builder_version=\u00a0\u00bb4.24.3&Prime; _module_preset=\u00a0\u00bbdefault\u00a0\u00bb global_colors_info=\u00a0\u00bb{}\u00a0\u00bb][et_pb_image src=\u00a0\u00bbhttps:\/\/groupe-grim.com\/bmw\/wp-content\/uploads\/2024\/07\/Header-valence.jpg\u00a0\u00bb alt=\u00a0\u00bbConcession BMW Valence\u00a0\u00bb title_text=\u00a0\u00bbHeader valence\u00a0\u00bb _builder_version=\u00a0\u00bb4.25.0&Prime; _module_preset=\u00a0\u00bbdefault\u00a0\u00bb custom_margin=\u00a0\u00bb||45px|||\u00a0\u00bb global_colors_info=\u00a0\u00bb{}\u00a0\u00bb][\/et_pb_image][et_pb_text _builder_version=\u00a0\u00bb4.25.0&Prime; _module_preset=\u00a0\u00bbdefault\u00a0\u00bb custom_margin=\u00a0\u00bb10px||10px||true|false\u00a0\u00bb global_colors_info=\u00a0\u00bb{}\u00a0\u00bb]<\/p>\n<h1 style=\"text-align: center;\"><strong>Votre concession BMW Valence<\/strong><\/h1>\n<p>[\/et_pb_text][\/et_pb_column][\/et_pb_row][et_pb_row column_structure=\u00a0\u00bb1_2,1_2&Prime; _builder_version=\u00a0\u00bb4.24.3&Prime; _module_preset=\u00a0\u00bbdefault\u00a0\u00bb custom_margin=\u00a0\u00bb30px||30px||false|false\u00a0\u00bb global_colors_info=\u00a0\u00bb{}\u00a0\u00bb][et_pb_column type=\u00a0\u00bb1_2&Prime; _builder_version=\u00a0\u00bb4.24.3&Prime; _module_preset=\u00a0\u00bbdefault\u00a0\u00bb global_colors_info=\u00a0\u00bb{}\u00a0\u00bb][et_pb_text _builder_version=\u00a0\u00bb4.25.0&Prime; _module_preset=\u00a0\u00bbdefault\u00a0\u00bb custom_margin=\u00a0\u00bb20px|30px|15px|30px|false|false\u00a0\u00bb global_colors_info=\u00a0\u00bb{}\u00a0\u00bb]<\/p>\n<h3><strong>Coordonn\u00e9es<\/strong><\/h3>\n<p><strong><\/strong><\/p>\n<p><strong>Tel : <\/strong>04 75 44 20 97<\/p>\n<p><strong>Adresse :<\/strong> <a href=\"https:\/\/www.google.com\/maps\/place\/\/data=!4m2!3m1!1s0x47f55805bbfcfe61:0xfec742bff53db839?sa=X&amp;ved=1t:8290&amp;ictx=111\" data-url=\"\/maps\/place\/\/data=!4m2!3m1!1s0x47f55805bbfcfe61:0xfec742bff53db839?sa=X&amp;ved=2ahUKEwi8g7u69MuHAxX-U6QEHQ20O-YQ4kB6BAgDEAA\" ping=\"\/url?sa=t&amp;source=web&amp;rct=j&amp;opi=89978449&amp;url=\/maps\/place\/\/data%3D!4m2!3m1!1s0x47f55805bbfcfe61:0xfec742bff53db839%3Fsa%3DX%26ved%3D1t:8290%26ictx%3D111&amp;ved=2ahUKEwi8g7u69MuHAxX-U6QEHQ20O-YQ4kB6BAg3EAM\" tabindex=\"0\" target=\"_blank\" rel=\"noopener\"><span>Rte de Beauvallon, 26000 Valence<\/span><\/a><\/p>\n<p>[\/et_pb_text][et_pb_text _builder_version=\u00a0\u00bb4.25.0&Prime; _module_preset=\u00a0\u00bbdefault\u00a0\u00bb custom_margin=\u00a0\u00bb41px|30px||30px|false|false\u00a0\u00bb global_colors_info=\u00a0\u00bb{}\u00a0\u00bb]<\/p>\n<h3><strong>Horaires de la concession<\/strong><\/h3>\n<p><strong><\/strong><\/p>\n<p><strong>Lundi au Vendredi <\/strong>8h30 &#8211; 12h et 14h &#8211; 19h<\/p>\n<p><strong>Samedi<\/strong> 9h &#8211; 12h et 14h &#8211; 18h<\/p>\n<p>[\/et_pb_text][et_pb_text _builder_version=\u00a0\u00bb4.27.0&Prime; _module_preset=\u00a0\u00bbdefault\u00a0\u00bb custom_margin=\u00a0\u00bb|30px||30px|false|false\u00a0\u00bb global_colors_info=\u00a0\u00bb{}\u00a0\u00bb]<\/p>\n<h3><strong>Horaires de l&rsquo;atelier<\/strong><\/h3>\n<p><strong><\/strong><\/p>\n<p><strong>Lundi au Vendredi <\/strong>8h &#8211; 12h et 14h &#8211; 18h<\/p>\n<p>[\/et_pb_text][et_pb_button button_url=\u00a0\u00bbhttps:\/\/groupe-grim.com\/rendez-vous\/?brand=bmw\u00a0\u00bb url_new_window=\u00a0\u00bbon\u00a0\u00bb button_text=\u00a0\u00bbPrendre rendez-vous\u00a0\u00bb button_alignment=\u00a0\u00bbcenter\u00a0\u00bb _builder_version=\u00a0\u00bb4.27.5&Prime; _module_preset=\u00a0\u00bbdefault\u00a0\u00bb custom_button=\u00a0\u00bbon\u00a0\u00bb button_text_size=\u00a0\u00bb20px\u00a0\u00bb button_text_color=\u00a0\u00bb#FFFFFF\u00a0\u00bb button_bg_color=\u00a0\u00bb#0c71c3&Prime; button_border_width=\u00a0\u00bb0px\u00a0\u00bb button_border_color=\u00a0\u00bb#FFFFFF\u00a0\u00bb button_border_radius=\u00a0\u00bb3px\u00a0\u00bb button_font=\u00a0\u00bbEUBMWFR_CHARTE_BMW_Polices_BMWTypeNext Light|&#8211;et_global_body_font_weight|||||||\u00a0\u00bb button_icon=\u00a0\u00bb&#xe025;||divi||400&Prime; hover_enabled=\u00a0\u00bb0&Prime; box_shadow_style=\u00a0\u00bbpreset2&Prime; global_colors_info=\u00a0\u00bb{}\u00a0\u00bb sticky_enabled=\u00a0\u00bb0&Prime;][\/et_pb_button][\/et_pb_column][et_pb_column type=\u00a0\u00bb1_2&Prime; _builder_version=\u00a0\u00bb4.24.3&Prime; _module_preset=\u00a0\u00bbdefault\u00a0\u00bb global_colors_info=\u00a0\u00bb{}\u00a0\u00bb][et_pb_image src=\u00a0\u00bbhttps:\/\/groupe-grim.com\/bmw\/wp-content\/uploads\/2024\/07\/Encart-Vehicules-en-stock-carre-Valence.jpg\u00a0\u00bb alt=\u00a0\u00bbBMW en stock valence\u00a0\u00bb title_text=\u00a0\u00bbEncart V\u00e9hicules en stock carr\u00e9 Valence\u00a0\u00bb url=\u00a0\u00bbhttps:\/\/www.bmw.fr\/fr-fr\/sl\/stocklocator#\/results?buno=04947&#038;filters=%22PURCHASE_ONLINE%22:%91true%93&Prime; _builder_version=\u00a0\u00bb4.25.0&Prime; _module_preset=\u00a0\u00bbdefault\u00a0\u00bb width=\u00a0\u00bb85%\u00a0\u00bb border_width_all=\u00a0\u00bb8px\u00a0\u00bb border_color_all=\u00a0\u00bb#FFFFFF\u00a0\u00bb box_shadow_style=\u00a0\u00bbpreset2&Prime; global_colors_info=\u00a0\u00bb{}\u00a0\u00bb][\/et_pb_image][\/et_pb_column][\/et_pb_row][et_pb_row _builder_version=\u00a0\u00bb4.24.3&Prime; _module_preset=\u00a0\u00bbdefault\u00a0\u00bb custom_padding=\u00a0\u00bb35px|||||\u00a0\u00bb global_colors_info=\u00a0\u00bb{}\u00a0\u00bb][et_pb_column type=\u00a0\u00bb4_4&Prime; _builder_version=\u00a0\u00bb4.24.3&Prime; _module_preset=\u00a0\u00bbdefault\u00a0\u00bb global_colors_info=\u00a0\u00bb{}\u00a0\u00bb][et_pb_text _builder_version=\u00a0\u00bb4.27.0&Prime; _module_preset=\u00a0\u00bbdefault\u00a0\u00bb custom_margin=\u00a0\u00bb9px|30px|50px|30px|false|false\u00a0\u00bb global_colors_info=\u00a0\u00bb{}\u00a0\u00bb]<\/p>\n<h2>Votre concessionnaire de confiance depuis 1961<\/h2>\n<p>[\/et_pb_text][et_pb_text _builder_version=\u00a0\u00bb4.27.0&Prime; _module_preset=\u00a0\u00bbdefault\u00a0\u00bb min_height=\u00a0\u00bb101.2px\u00a0\u00bb custom_margin=\u00a0\u00bb30px|30px|30px|30px|false|false\u00a0\u00bb inline_fonts=\u00a0\u00bbEUBMWFR_CHARTE_BMW_Polices_BMWTypeNext Regular,EUBMWFR_CHARTE_BMW_Polices_BMWTypeNext Bold\u00a0\u00bb global_colors_info=\u00a0\u00bb{}\u00a0\u00bb]<\/p>\n<p>La concession <strong>BMW Valence, <\/strong>connue sous l&rsquo;enseigne Fourel, a \u00e9t\u00e9 l&rsquo;une des premi\u00e8res concessions BMW de France depuis son ouverture en 1961.<\/p>\n<p>En plus d&rsquo;\u00eatre certifi\u00e9e BMW M, la concession se distingue en 2010 en devenant le premier partenaire exclusif <a href=\"https:\/\/alpina-automobiles.fr\/fr\/\" target=\"_blank\" rel=\"noopener\">ALPINA<\/a> fran\u00e7ais.<\/p>\n<p>Au-del\u00e0 d&rsquo;une large s\u00e9lection de v\u00e9hicules neufs et d\u2019occasion et de notre atelier apr\u00e8s-vente, la concession dispose d\u2019un service de location de loisirs : BMW Rent.<\/p>\n<p>Aujourd&rsquo;hui, la concession <strong>BMW Valence<\/strong> est une r\u00e9f\u00e9rence incontournable dans la r\u00e9gion, offrant \u00e0 ses clients une exp\u00e9rience compl\u00e8te de l&rsquo;achat \u00e0 l&rsquo;entretien de votre v\u00e9hicule, ainsi qu&rsquo;une expertise reconnue.<\/p>\n<p>[\/et_pb_text][\/et_pb_column][\/et_pb_row][et_pb_row _builder_version=\u00a0\u00bb4.25.0&Prime; _module_preset=\u00a0\u00bbdefault\u00a0\u00bb global_colors_info=\u00a0\u00bb{}\u00a0\u00bb][et_pb_column type=\u00a0\u00bb4_4&Prime; _builder_version=\u00a0\u00bb4.25.0&Prime; _module_preset=\u00a0\u00bbdefault\u00a0\u00bb global_colors_info=\u00a0\u00bb{}\u00a0\u00bb][dipl_image_card_carousel hide_title=\u00a0\u00bbon\u00a0\u00bb slider_loop=\u00a0\u00bbon\u00a0\u00bb show_arrow=\u00a0\u00bbon\u00a0\u00bb previous_slide_arrow=\u00a0\u00bb&#x34;||divi||400&Prime; next_slide_arrow=\u00a0\u00bb&#x35;||divi||400&Prime; arrows_position=\u00a0\u00bboutside\u00a0\u00bb arrow_font_size=\u00a0\u00bb50px\u00a0\u00bb arrow_color=\u00a0\u00bb#939393&Prime; slider_container_custom_padding=\u00a0\u00bb||0px||false|false\u00a0\u00bb cards_per_slide_tablet=\u00a0\u00bb2&Prime; cards_per_slide_phone=\u00a0\u00bb1&Prime; _builder_version=\u00a0\u00bb4.27.4&Prime; _module_preset=\u00a0\u00bbdefault\u00a0\u00bb module_alignment=\u00a0\u00bbcenter\u00a0\u00bb custom_margin=\u00a0\u00bb10px||10px||false|false\u00a0\u00bb custom_padding=\u00a0\u00bb||16px|||\u00a0\u00bb global_colors_info=\u00a0\u00bb{}\u00a0\u00bb][dipl_image_card_carousel_item image=\u00a0\u00bbhttps:\/\/groupe-grim.com\/bmw\/wp-content\/uploads\/2024\/07\/BMW-VALENCE-01.jpg\u00a0\u00bb _builder_version=\u00a0\u00bb4.25.0&Prime; _module_preset=\u00a0\u00bbdefault\u00a0\u00bb global_colors_info=\u00a0\u00bb{}\u00a0\u00bb][\/dipl_image_card_carousel_item][dipl_image_card_carousel_item image=\u00a0\u00bbhttps:\/\/groupe-grim.com\/bmw\/wp-content\/uploads\/2024\/07\/BMW-VALENCE-10.jpg\u00a0\u00bb _builder_version=\u00a0\u00bb4.25.0&Prime; _module_preset=\u00a0\u00bbdefault\u00a0\u00bb global_colors_info=\u00a0\u00bb{}\u00a0\u00bb][\/dipl_image_card_carousel_item][dipl_image_card_carousel_item image=\u00a0\u00bbhttps:\/\/groupe-grim.com\/bmw\/wp-content\/uploads\/2024\/07\/BMW-VALENCE-09.jpg\u00a0\u00bb _builder_version=\u00a0\u00bb4.25.0&Prime; _module_preset=\u00a0\u00bbdefault\u00a0\u00bb global_colors_info=\u00a0\u00bb{}\u00a0\u00bb][\/dipl_image_card_carousel_item][dipl_image_card_carousel_item image=\u00a0\u00bbhttps:\/\/groupe-grim.com\/bmw\/wp-content\/uploads\/2024\/07\/BMW-VALENCE-03.jpg\u00a0\u00bb _builder_version=\u00a0\u00bb4.25.0&Prime; _module_preset=\u00a0\u00bbdefault\u00a0\u00bb global_colors_info=\u00a0\u00bb{}\u00a0\u00bb][\/dipl_image_card_carousel_item][dipl_image_card_carousel_item image=\u00a0\u00bbhttps:\/\/groupe-grim.com\/bmw\/wp-content\/uploads\/2024\/07\/BMW-MINI-VALENCE-03-DRONE.jpg\u00a0\u00bb _builder_version=\u00a0\u00bb4.25.0&Prime; _module_preset=\u00a0\u00bbdefault\u00a0\u00bb global_colors_info=\u00a0\u00bb{}\u00a0\u00bb][\/dipl_image_card_carousel_item][dipl_image_card_carousel_item image=\u00a0\u00bbhttps:\/\/groupe-grim.com\/bmw\/wp-content\/uploads\/2024\/07\/BMW-VALENCE-05.jpg\u00a0\u00bb _builder_version=\u00a0\u00bb4.25.0&Prime; _module_preset=\u00a0\u00bbdefault\u00a0\u00bb global_colors_info=\u00a0\u00bb{}\u00a0\u00bb][\/dipl_image_card_carousel_item][dipl_image_card_carousel_item image=\u00a0\u00bbhttps:\/\/groupe-grim.com\/bmw\/wp-content\/uploads\/2024\/07\/BMW-VALENCE-07.jpg\u00a0\u00bb _builder_version=\u00a0\u00bb4.25.0&Prime; _module_preset=\u00a0\u00bbdefault\u00a0\u00bb global_colors_info=\u00a0\u00bb{}\u00a0\u00bb][\/dipl_image_card_carousel_item][dipl_image_card_carousel_item image=\u00a0\u00bbhttps:\/\/groupe-grim.com\/bmw\/wp-content\/uploads\/2024\/07\/BMW-VALENCE-07-1.jpg\u00a0\u00bb _builder_version=\u00a0\u00bb4.25.0&Prime; _module_preset=\u00a0\u00bbdefault\u00a0\u00bb global_colors_info=\u00a0\u00bb{}\u00a0\u00bb][\/dipl_image_card_carousel_item][dipl_image_card_carousel_item image=\u00a0\u00bbhttps:\/\/groupe-grim.com\/bmw\/wp-content\/uploads\/2024\/07\/BMW-VALENCE-08.jpg\u00a0\u00bb _builder_version=\u00a0\u00bb4.25.0&Prime; _module_preset=\u00a0\u00bbdefault\u00a0\u00bb global_colors_info=\u00a0\u00bb{}\u00a0\u00bb][\/dipl_image_card_carousel_item][dipl_image_card_carousel_item image=\u00a0\u00bbhttps:\/\/groupe-grim.com\/bmw\/wp-content\/uploads\/2024\/07\/BMW-VALENCE-11.jpg\u00a0\u00bb _builder_version=\u00a0\u00bb4.25.0&Prime; _module_preset=\u00a0\u00bbdefault\u00a0\u00bb global_colors_info=\u00a0\u00bb{}\u00a0\u00bb][\/dipl_image_card_carousel_item][dipl_image_card_carousel_item image=\u00a0\u00bbhttps:\/\/groupe-grim.com\/bmw\/wp-content\/uploads\/2024\/07\/BMW-VALENCE-12.jpg\u00a0\u00bb _builder_version=\u00a0\u00bb4.25.0&Prime; _module_preset=\u00a0\u00bbdefault\u00a0\u00bb global_colors_info=\u00a0\u00bb{}\u00a0\u00bb][\/dipl_image_card_carousel_item][dipl_image_card_carousel_item image=\u00a0\u00bbhttps:\/\/groupe-grim.com\/bmw\/wp-content\/uploads\/2024\/07\/BMW-VALENCE-13.jpg\u00a0\u00bb _builder_version=\u00a0\u00bb4.25.0&Prime; _module_preset=\u00a0\u00bbdefault\u00a0\u00bb global_colors_info=\u00a0\u00bb{}\u00a0\u00bb][\/dipl_image_card_carousel_item][dipl_image_card_carousel_item image=\u00a0\u00bbhttps:\/\/groupe-grim.com\/bmw\/wp-content\/uploads\/2024\/07\/BMW-VALENCE-14.jpg\u00a0\u00bb _builder_version=\u00a0\u00bb4.25.0&Prime; _module_preset=\u00a0\u00bbdefault\u00a0\u00bb global_colors_info=\u00a0\u00bb{}\u00a0\u00bb][\/dipl_image_card_carousel_item][dipl_image_card_carousel_item image=\u00a0\u00bbhttps:\/\/groupe-grim.com\/bmw\/wp-content\/uploads\/2024\/07\/BMW-VALENCE-15.jpg\u00a0\u00bb _builder_version=\u00a0\u00bb4.25.0&Prime; _module_preset=\u00a0\u00bbdefault\u00a0\u00bb global_colors_info=\u00a0\u00bb{}\u00a0\u00bb][\/dipl_image_card_carousel_item][dipl_image_card_carousel_item image=\u00a0\u00bbhttps:\/\/groupe-grim.com\/bmw\/wp-content\/uploads\/2024\/07\/BMW-VALENCE-16.jpg\u00a0\u00bb _builder_version=\u00a0\u00bb4.25.0&Prime; _module_preset=\u00a0\u00bbdefault\u00a0\u00bb global_colors_info=\u00a0\u00bb{}\u00a0\u00bb][\/dipl_image_card_carousel_item][dipl_image_card_carousel_item image=\u00a0\u00bbhttps:\/\/groupe-grim.com\/bmw\/wp-content\/uploads\/2024\/07\/BMW-VALENCE-20.jpg\u00a0\u00bb _builder_version=\u00a0\u00bb4.25.0&Prime; _module_preset=\u00a0\u00bbdefault\u00a0\u00bb global_colors_info=\u00a0\u00bb{}\u00a0\u00bb][\/dipl_image_card_carousel_item][dipl_image_card_carousel_item image=\u00a0\u00bbhttps:\/\/groupe-grim.com\/bmw\/wp-content\/uploads\/2024\/07\/BMW-VALENCE-18.jpg\u00a0\u00bb _builder_version=\u00a0\u00bb4.25.0&Prime; _module_preset=\u00a0\u00bbdefault\u00a0\u00bb global_colors_info=\u00a0\u00bb{}\u00a0\u00bb][\/dipl_image_card_carousel_item][dipl_image_card_carousel_item image=\u00a0\u00bbhttps:\/\/groupe-grim.com\/bmw\/wp-content\/uploads\/2024\/07\/BMW-VALENCE-19.jpg\u00a0\u00bb _builder_version=\u00a0\u00bb4.25.0&Prime; _module_preset=\u00a0\u00bbdefault\u00a0\u00bb global_colors_info=\u00a0\u00bb{}\u00a0\u00bb][\/dipl_image_card_carousel_item][\/dipl_image_card_carousel][et_pb_text _builder_version=\u00a0\u00bb4.25.0&Prime; _module_preset=\u00a0\u00bbdefault\u00a0\u00bb custom_margin=\u00a0\u00bb9px|30px|50px|30px|false|false\u00a0\u00bb global_colors_info=\u00a0\u00bb{}\u00a0\u00bb]<\/p>\n<h2>Les services propos\u00e9s dans votre concession BMW Valence<\/h2>\n<p>[\/et_pb_text][et_pb_text _builder_version=\u00a0\u00bb4.25.0&Prime; _module_preset=\u00a0\u00bbdefault\u00a0\u00bb global_colors_info=\u00a0\u00bb{}\u00a0\u00bb]<\/p>\n<ul>\n<li><strong>Vente de v\u00e9hicules neufs et d&rsquo;occasion<\/strong> : La concession propose une s\u00e9lection de BMW neuves ainsi que des <a href=\"https:\/\/www.grim-occasion.com\/voitures\/?_brand=bmw%2Cbmw-i&amp;_city=valence\" target=\"_blank\" rel=\"noopener\">v\u00e9hicules d&rsquo;occasion labellis\u00e9s BMW Premium Selection<\/a>.<\/li>\n<li><strong>Entretien et r\u00e9parations<\/strong> : Le service apr\u00e8s-vente assure l&rsquo;entretien r\u00e9gulier, les r\u00e9parations et les interventions sous garantie pour maintenir les v\u00e9hicules en parfait \u00e9tat de fonctionnement.<\/li>\n<li><strong>Financement<\/strong> : BMW Financial Services offre des solutions de financement vari\u00e9es pour l&rsquo;achat de v\u00e9hicules, permettant de r\u00e9pondre aux attentes sp\u00e9cifiques des clients\u200b.<\/li>\n<li><strong>Accessoires et pi\u00e8ces d\u00e9tach\u00e9es<\/strong> : La concession <strong>BMW Valence<\/strong> dispose d&rsquo;un large choix d&rsquo;accessoires et de pi\u00e8ces d&rsquo;origine BMW, avec la possibilit\u00e9 de prendre rendez-vous pour leur installation\u200b.<\/li>\n<li><strong>Location de v\u00e9hicules<\/strong> : La concession <strong>BMW Valence<\/strong> vous propose de louer la BMW de vos r\u00eaves pour une courte dur\u00e9e avec le service BMW Rent.<\/li>\n<li><strong>Services pour entreprises<\/strong> : Le <a href=\"https:\/\/www.bmw.fr\/fr\/topics\/offres-et-services\/bmw-entreprises\/bmw-pour-votre-entreprise.html\" target=\"_blank\" rel=\"noopener\">BMW Business Center<\/a> propose des services d\u00e9di\u00e9s aux clients professionnels, incluant des conseils personnalis\u00e9s et des solutions de flotte adapt\u00e9es aux besoins des entreprises.<\/li>\n<li><strong>BMW M<\/strong> : La concession est certifi\u00e9e BMW M, vous pouvez y retrouver une corner sp\u00e9cial \/\/\/M<\/li>\n<\/ul>\n<p>[\/et_pb_text][\/et_pb_column][\/et_pb_row][et_pb_row _builder_version=\u00a0\u00bb4.25.0&Prime; _module_preset=\u00a0\u00bbdefault\u00a0\u00bb global_colors_info=\u00a0\u00bb{}\u00a0\u00bb][et_pb_column type=\u00a0\u00bb4_4&Prime; _builder_version=\u00a0\u00bb4.25.0&Prime; _module_preset=\u00a0\u00bbdefault\u00a0\u00bb global_colors_info=\u00a0\u00bb{}\u00a0\u00bb][et_pb_text _builder_version=\u00a0\u00bb4.25.0&Prime; _module_preset=\u00a0\u00bbdefault\u00a0\u00bb global_colors_info=\u00a0\u00bb{}\u00a0\u00bb]<\/p>\n<h2 style=\"text-align: center;\">Les actualit\u00e9s de BMW Valence<\/h2>\n<p>[\/et_pb_text][dipl_blog_slider slider_layout=\u00a0\u00bblayout4&Prime; include_categories=\u00a0\u00bb652&Prime; excerpt_length=\u00a0\u00bb0&Prime; show_author=\u00a0\u00bboff\u00a0\u00bb show_date=\u00a0\u00bboff\u00a0\u00bb show_categories=\u00a0\u00bboff\u00a0\u00bb show_comments=\u00a0\u00bboff\u00a0\u00bb read_more_text=\u00a0\u00bbLire la suite\u00a0\u00bb show_control_dot=\u00a0\u00bboff\u00a0\u00bb post_per_slide_tablet=\u00a0\u00bb2&Prime; post_per_slide_phone=\u00a0\u00bb1&Prime; _builder_version=\u00a0\u00bb4.25.0&Prime; _module_preset=\u00a0\u00bbdefault\u00a0\u00bb global_colors_info=\u00a0\u00bb{}\u00a0\u00bb][\/dipl_blog_slider][\/et_pb_column][\/et_pb_row][et_pb_row column_structure=\u00a0\u00bb1_2,1_2&Prime; _builder_version=\u00a0\u00bb4.25.0&Prime; _module_preset=\u00a0\u00bbdefault\u00a0\u00bb custom_margin=\u00a0\u00bb55px|auto||auto||\u00a0\u00bb global_colors_info=\u00a0\u00bb{}\u00a0\u00bb][et_pb_column type=\u00a0\u00bb1_2&Prime; _builder_version=\u00a0\u00bb4.25.0&Prime; _module_preset=\u00a0\u00bbdefault\u00a0\u00bb global_colors_info=\u00a0\u00bb{}\u00a0\u00bb][et_pb_image src=\u00a0\u00bbhttps:\/\/groupe-grim.com\/bmw\/wp-content\/uploads\/2024\/07\/BMW-MINI-VALENCE-02-DRONE.jpg\u00a0\u00bb alt=\u00a0\u00bbConcession BMW Valence\u00a0\u00bb title_text=\u00a0\u00bbBMW-MINI-VALENCE-02-DRONE\u00a0\u00bb _builder_version=\u00a0\u00bb4.25.0&Prime; _module_preset=\u00a0\u00bbdefault\u00a0\u00bb border_width_all=\u00a0\u00bb8px\u00a0\u00bb border_color_all=\u00a0\u00bb#FFFFFF\u00a0\u00bb box_shadow_style=\u00a0\u00bbpreset2&Prime; global_colors_info=\u00a0\u00bb{}\u00a0\u00bb][\/et_pb_image][\/et_pb_column][et_pb_column type=\u00a0\u00bb1_2&Prime; _builder_version=\u00a0\u00bb4.25.0&Prime; _module_preset=\u00a0\u00bbdefault\u00a0\u00bb global_colors_info=\u00a0\u00bb{}\u00a0\u00bb][et_pb_text _builder_version=\u00a0\u00bb4.25.0&Prime; _module_preset=\u00a0\u00bbdefault\u00a0\u00bb width=\u00a0\u00bb81%\u00a0\u00bb module_alignment=\u00a0\u00bbcenter\u00a0\u00bb custom_margin=\u00a0\u00bb42px|30px|42px|30px|true|true\u00a0\u00bb global_colors_info=\u00a0\u00bb{}\u00a0\u00bb]<\/p>\n<p><strong>Rejoignez notre communaut\u00e9<\/strong> et participez \u00e0 nos nombreux \u00e9v\u00e8nements : journ\u00e9es portes ouvertes, lancement de v\u00e9hicules, afterwork&#8230;<\/p>\n<p>Besoin de conseils ? De renseignements sur nos produits ? Nous sommes \u00e0 votre \u00e9coute pour r\u00e9pondre \u00e0 toutes vos demandes.<\/p>\n<p><strong>\u00c0 bient\u00f4t dans votre concession BMW Valence !<\/strong><\/p>\n<p>[\/et_pb_text][\/et_pb_column][\/et_pb_row][et_pb_row _builder_version=\u00a0\u00bb4.24.3&Prime; _module_preset=\u00a0\u00bbdefault\u00a0\u00bb global_colors_info=\u00a0\u00bb{}\u00a0\u00bb][et_pb_column type=\u00a0\u00bb4_4&Prime; _builder_version=\u00a0\u00bb4.24.3&Prime; _module_preset=\u00a0\u00bbdefault\u00a0\u00bb global_colors_info=\u00a0\u00bb{}\u00a0\u00bb][dipl_separator seprator_thickness=\u00a0\u00bb1px\u00a0\u00bb separator_color=\u00a0\u00bb#8e8e8e\u00a0\u00bb _builder_version=\u00a0\u00bb4.25.0&Prime; _module_preset=\u00a0\u00bbdefault\u00a0\u00bb width=\u00a0\u00bb20%\u00a0\u00bb module_alignment=\u00a0\u00bbcenter\u00a0\u00bb min_height=\u00a0\u00bb0px\u00a0\u00bb custom_margin=\u00a0\u00bb40px||20px||false|false\u00a0\u00bb global_colors_info=\u00a0\u00bb{}\u00a0\u00bb][\/dipl_separator][et_pb_text _builder_version=\u00a0\u00bb4.25.0&Prime; _module_preset=\u00a0\u00bbdefault\u00a0\u00bb custom_margin=\u00a0\u00bb34px||||false|false\u00a0\u00bb custom_padding=\u00a0\u00bb||0px|||\u00a0\u00bb global_colors_info=\u00a0\u00bb{}\u00a0\u00bb]<\/p>\n<h3 style=\"text-align: center;\"><strong>Rejoignez-nous sur les r\u00e9seaux sociaux !<\/strong><\/h3>\n<p>[\/et_pb_text][et_pb_social_media_follow follow_button=\u00a0\u00bbon\u00a0\u00bb use_icon_font_size=\u00a0\u00bbon\u00a0\u00bb icon_font_size=\u00a0\u00bb24px\u00a0\u00bb _builder_version=\u00a0\u00bb4.25.0&Prime; _module_preset=\u00a0\u00bbdefault\u00a0\u00bb custom_button=\u00a0\u00bbon\u00a0\u00bb button_text_size=\u00a0\u00bb16px\u00a0\u00bb button_text_color=\u00a0\u00bb#000000&Prime; button_bg_color=\u00a0\u00bb#FFFFFF\u00a0\u00bb button_border_width=\u00a0\u00bb1px\u00a0\u00bb button_border_color=\u00a0\u00bb#8c8c8c\u00a0\u00bb button_border_radius=\u00a0\u00bb5px\u00a0\u00bb button_letter_spacing=\u00a0\u00bb0px\u00a0\u00bb button_font=\u00a0\u00bb||||||||\u00a0\u00bb text_orientation=\u00a0\u00bbcenter\u00a0\u00bb custom_margin=\u00a0\u00bb30px||42px||false|false\u00a0\u00bb custom_padding=\u00a0\u00bb||||false|false\u00a0\u00bb animation_style=\u00a0\u00bbflip\u00a0\u00bb box_shadow_style_button=\u00a0\u00bbpreset2&Prime; global_colors_info=\u00a0\u00bb{}\u00a0\u00bb][et_pb_social_media_follow_network social_network=\u00a0\u00bbfacebook\u00a0\u00bb url=\u00a0\u00bbhttps:\/\/www.facebook.com\/bmwvalencemontelimar\u00a0\u00bb _builder_version=\u00a0\u00bb4.25.0&Prime; _module_preset=\u00a0\u00bbdefault\u00a0\u00bb background_color=\u00a0\u00bb#3b5998&Prime; global_colors_info=\u00a0\u00bb{}\u00a0\u00bb follow_button=\u00a0\u00bbon\u00a0\u00bb url_new_window=\u00a0\u00bbon\u00a0\u00bb]facebook[\/et_pb_social_media_follow_network][et_pb_social_media_follow_network social_network=\u00a0\u00bbinstagram\u00a0\u00bb url=\u00a0\u00bbhttps:\/\/www.instagram.com\/bmwvalencemontelimar\/\u00a0\u00bb _builder_version=\u00a0\u00bb4.25.0&Prime; _module_preset=\u00a0\u00bbdefault\u00a0\u00bb background_color=\u00a0\u00bb#ea2c59&Prime; global_colors_info=\u00a0\u00bb{}\u00a0\u00bb follow_button=\u00a0\u00bbon\u00a0\u00bb url_new_window=\u00a0\u00bbon\u00a0\u00bb]instagram[\/et_pb_social_media_follow_network][et_pb_social_media_follow_network social_network=\u00a0\u00bblinkedin\u00a0\u00bb url=\u00a0\u00bbhttps:\/\/www.linkedin.com\/company\/bmw-fourel\/\u00a0\u00bb _builder_version=\u00a0\u00bb4.25.0&Prime; _module_preset=\u00a0\u00bbdefault\u00a0\u00bb background_color=\u00a0\u00bb#007bb6&Prime; global_colors_info=\u00a0\u00bb{}\u00a0\u00bb follow_button=\u00a0\u00bbon\u00a0\u00bb url_new_window=\u00a0\u00bbon\u00a0\u00bb]linkedin[\/et_pb_social_media_follow_network][\/et_pb_social_media_follow][dipl_separator seprator_thickness=\u00a0\u00bb1px\u00a0\u00bb separator_color=\u00a0\u00bb#8e8e8e\u00a0\u00bb _builder_version=\u00a0\u00bb4.25.0&Prime; _module_preset=\u00a0\u00bbdefault\u00a0\u00bb width=\u00a0\u00bb20%\u00a0\u00bb module_alignment=\u00a0\u00bbcenter\u00a0\u00bb min_height=\u00a0\u00bb0px\u00a0\u00bb custom_margin=\u00a0\u00bb30px||20px||false|false\u00a0\u00bb global_colors_info=\u00a0\u00bb{}\u00a0\u00bb][\/dipl_separator][\/et_pb_column][\/et_pb_row][\/et_pb_section]<\/p>\n<span class=\"et_bloom_bottom_trigger\"><\/span>","protected":false},"excerpt":{"rendered":"<p>Votre concession BMW ValenceCoordonn\u00e9es Tel : 04 75 44 20 97 Adresse : Rte de Beauvallon, 26000 ValenceHoraires de la concession Lundi au Vendredi 8h30 &#8211; 12h et 14h &#8211; 19h Samedi 9h &#8211; 12h et 14h &#8211; 18hHoraires de l&rsquo;atelier Lundi au Vendredi 8h &#8211; 12h et 14h &#8211; 18hVotre concessionnaire de confiance depuis [&hellip;]<\/p>\n","protected":false},"author":15,"featured_media":38545,"parent":0,"menu_order":0,"comment_status":"closed","ping_status":"closed","template":"","meta":{"_et_pb_use_builder":"on","_et_pb_old_content":"","_et_gb_content_width":"","footnotes":""},"class_list":["post-38544","page","type-page","status-publish","has-post-thumbnail","hentry"],"_links":{"self":[{"href":"https:\/\/groupe-grim.com\/bmw\/wp-json\/wp\/v2\/pages\/38544","targetHints":{"allow":["GET"]}}],"collection":[{"href":"https:\/\/groupe-grim.com\/bmw\/wp-json\/wp\/v2\/pages"}],"about":[{"href":"https:\/\/groupe-grim.com\/bmw\/wp-json\/wp\/v2\/types\/page"}],"author":[{"embeddable":true,"href":"https:\/\/groupe-grim.com\/bmw\/wp-json\/wp\/v2\/users\/15"}],"replies":[{"embeddable":true,"href":"https:\/\/groupe-grim.com\/bmw\/wp-json\/wp\/v2\/comments?post=38544"}],"version-history":[{"count":2,"href":"https:\/\/groupe-grim.com\/bmw\/wp-json\/wp\/v2\/pages\/38544\/revisions"}],"predecessor-version":[{"id":41281,"href":"https:\/\/groupe-grim.com\/bmw\/wp-json\/wp\/v2\/pages\/38544\/revisions\/41281"}],"wp:featuredmedia":[{"embeddable":true,"href":"https:\/\/groupe-grim.com\/bmw\/wp-json\/wp\/v2\/media\/38545"}],"wp:attachment":[{"href":"https:\/\/groupe-grim.com\/bmw\/wp-json\/wp\/v2\/media?parent=38544"}],"curies":[{"name":"wp","href":"https:\/\/api.w.org\/{rel}","templated":true}]}}